{"id":382,"date":"2021-12-06T12:06:32","date_gmt":"2021-12-06T11:06:32","guid":{"rendered":"http:\/\/glennbesnard.com\/?page_id=382"},"modified":"2021-12-13T14:09:38","modified_gmt":"2021-12-13T13:09:38","slug":"racines-theatre","status":"publish","type":"page","link":"https:\/\/glennbesnard.com\/index.php\/racines-theatre\/","title":{"rendered":"RACINES &#8211; Th\u00e9\u00e2tre"},"content":{"rendered":"\n<p>Cr\u00e9ation octobre 2018. Tout public \u00e0 partir de 18 mois.<br>RACINES, c\u2019est Elle et Lui. Elle parle avec son chant. Lui avec son corps, d\u2019abord.<br>RACINES, c\u2019est un monde clos et g\u00e9n\u00e9reux qui s\u2019\u00e9claire d\u2019ombres et de petites lumi\u00e8res chaudes. Une Terre-Racines o\u00f9 souffle un peu le vent, une Terre-Racines parsem\u00e9e d\u2019arbres la t\u00eate en bas\u2026 ou bien c\u2019est peut-\u00eatre eux qui regardent le monde autrement.<br>RACINES, c\u2019est une travers\u00e9e po\u00e9tique qui \u00e9coute les sons prendre corps et les mots prendre vie. Des mots comme des chemins sous leurs pas.<br>RACINES, c\u2019est une exploration qui chuchote la nature et qui fait \u00e9cho aux mots qui germent, aux histoires qui \u00e9closent.<br>RACINES, c\u2019est s\u2019ouvrir au ciel \u00e9toil\u00e9. S\u2019ouvrir \u00e0 un monde plus grand qui r\u00e9sonne dans le lointain\u2026 ou bien peut-\u00eatre au dedans de chacun.<\/p>\n\n\n\n<figure class=\"wp-block-image size-full\"><img decoding=\"async\" loading=\"lazy\" width=\"768\" height=\"512\" src=\"http:\/\/glennbesnard.com\/wp-content\/uploads\/2021\/12\/racines.jpg\" alt=\"\" class=\"wp-image-419\" srcset=\"https:\/\/glennbesnard.com\/wp-content\/uploads\/2021\/12\/racines.jpg 768w, https:\/\/glennbesnard.com\/wp-content\/uploads\/2021\/12\/racines-300x200.jpg 300w\" sizes=\"(max-width: 768px) 100vw, 768px\" \/><figcaption>festival Marionnet\u2019Ic 2019 \u2013 Bertrand Cousseau<\/figcaption><\/figure>\n\n\n\n<p><iframe loading=\"lazy\" style=\"border: 0; width: 400px; height: 241px;\" src=\"https:\/\/bandcamp.com\/EmbeddedPlayer\/album=2557922702\/size=large\/bgcol=ffffff\/linkcol=0687f5\/artwork=small\/transparent=true\/\" seamless=\"\" width=\"300\" height=\"150\">&amp;amp;lt;a href=&#8221;http:\/\/ollomusic.bandcamp.com\/album\/the-not-very-well-tempered-piano-part-2&#8243;>The not very well tempered piano &#8211; part 2 by \u00f8ll\u00f8&amp;amp;lt;\/a><\/iframe><\/p>\n\n\n\n<p><br>Mise en sc\u00e8ne&nbsp;: Sandra Enel<br>\u00c9criture et mise en jeu : Anouch Par\u00e9<br>Recherche plateau&nbsp;: Diego Rora<br>Jeu&nbsp;: Sandra Enel et Sylvain Hemeryck<br>Sc\u00e9nographie&nbsp;: Erwann Philippe et Joanne G\u00e9rard<br>Musiques et montage sonore&nbsp;: Glenn Besnard<br>Voix : Anne Burlot<br>Costumes&nbsp;: C\u00e9cile Pelletier<\/p>\n","protected":false},"excerpt":{"rendered":"<p>Cr\u00e9ation octobre 2018. Tout public \u00e0 partir de 18 mois.RACINES, c\u2019est Elle et Lui. Elle parle avec son chant. Lui avec son corps, d\u2019abord.RACINES, c\u2019est un monde clos et g\u00e9n\u00e9reux qui s\u2019\u00e9claire d\u2019ombres et de petites lumi\u00e8res chaudes. Une Terre-Racines o\u00f9 souffle un peu le vent, une Terre-Racines parsem\u00e9e d\u2019arbres la t\u00eate en bas\u2026 ou [&hellip;]<\/p>\n","protected":false},"author":1,"featured_media":0,"parent":0,"menu_order":0,"comment_status":"closed","ping_status":"closed","template":"","meta":{"footnotes":""},"_links":{"self":[{"href":"https:\/\/glennbesnard.com\/index.php\/wp-json\/wp\/v2\/pages\/382"}],"collection":[{"href":"https:\/\/glennbesnard.com\/index.php\/wp-json\/wp\/v2\/pages"}],"about":[{"href":"https:\/\/glennbesnard.com\/index.php\/wp-json\/wp\/v2\/types\/page"}],"author":[{"embeddable":true,"href":"https:\/\/glennbesnard.com\/index.php\/wp-json\/wp\/v2\/users\/1"}],"replies":[{"embeddable":true,"href":"https:\/\/glennbesnard.com\/index.php\/wp-json\/wp\/v2\/comments?post=382"}],"version-history":[{"count":7,"href":"https:\/\/glennbesnard.com\/index.php\/wp-json\/wp\/v2\/pages\/382\/revisions"}],"predecessor-version":[{"id":449,"href":"https:\/\/glennbesnard.com\/index.php\/wp-json\/wp\/v2\/pages\/382\/revisions\/449"}],"wp:attachment":[{"href":"https:\/\/glennbesnard.com\/index.php\/wp-json\/wp\/v2\/media?parent=382"}],"curies":[{"name":"wp","href":"https:\/\/api.w.org\/{rel}","templated":true}]}}